{"id":13369,"date":"2026-03-15T08:27:44","date_gmt":"2026-03-15T07:27:44","guid":{"rendered":"https:\/\/aplitecinformatica.com\/politica-de-privacidad\/"},"modified":"2026-04-23T11:57:18","modified_gmt":"2026-04-23T09:57:18","slug":"politica-de-privacidad","status":"publish","type":"page","link":"https:\/\/aplitecinformatica.com\/es\/politica-de-privacidad\/","title":{"rendered":"Pol\u00edtica de Privacidad"},"content":{"rendered":"\t\t<div data-elementor-type=\"wp-page\" data-elementor-id=\"13369\" class=\"elementor elementor-13369 elementor-13324\" data-elementor-post-type=\"page\">\n\t\t\t\t<div class=\"elementor-element elementor-element-a607944 e-flex e-con-boxed e-con e-parent\" data-id=\"a607944\" data-element_type=\"container\" data-e-type=\"container\" data-settings=\"{&quot;background_background&quot;:&quot;classic&quot;}\">\n\t\t\t\t\t<div class=\"e-con-inner\">\n\t\t\t\t<div class=\"elementor-element elementor-element-d50d94d elementor-widget elementor-widget-heading\" data-id=\"d50d94d\" data-element_type=\"widget\" data-e-type=\"widget\" data-widget_type=\"heading.default\">\n\t\t\t\t\t<h1 class=\"elementor-heading-title elementor-size-default\">Pol\u00edtica de privacidad <span style=\"font-size:60%;font-weight:400\">Aplitec Inform\u00e0tica<\/span><\/h1>\t\t\t\t<\/div>\n\t\t\t\t\t<\/div>\n\t\t\t\t<\/div>\n\t\t<div class=\"elementor-element elementor-element-57486b9 e-flex e-con-boxed e-con e-parent\" data-id=\"57486b9\" data-element_type=\"container\" data-e-type=\"container\">\n\t\t\t\t\t<div class=\"e-con-inner\">\n\t\t\t\t<div class=\"elementor-element elementor-element-98b0760 elementor-widget elementor-widget-text-editor\" data-id=\"98b0760\" data-element_type=\"widget\" data-e-type=\"widget\" data-widget_type=\"text-editor.default\">\n\t\t\t\t\t\t\t\t\t<p>APLITEC INFORMATICA S.L. se compromete a proteger la privacidad de los usuarios que accedan a esta web y\/o cualquiera de sus servicios. La utilizaci\u00f3n de la web y\/o cualquiera de los servicios ofrecidos por APLITEC INFORMATICA S.L., implica la aceptaci\u00f3n por parte del usuario de las disposiciones contenidas en la presente Pol\u00edtica de Privacidad y que sus datos personales sean tratados seg\u00fan se estipula. Por favor, tenga en cuenta que, aunque pueda haber enlaces de nuestra web a otras webs, esta Pol\u00edtica de Privacidad no se aplica a otras compa\u00f1\u00edas u organizaciones a las que la web est\u00e9 redirigida. APLITEC INFORMATICA S.L. no controla el contenido de las webs de terceros ni acepta ning\u00fan tipo de responsabilidad por el contenido o las pol\u00edticas de privacidad de estos sitios web.   <\/p>\t\t\t\t\t\t\t\t<\/div>\n\t\t\t\t<div class=\"elementor-element elementor-element-fd37658 elementor-widget elementor-widget-heading\" data-id=\"fd37658\" data-element_type=\"widget\" data-e-type=\"widget\" data-widget_type=\"heading.default\">\n\t\t\t\t\t<h2 class=\"elementor-heading-title elementor-size-default\">1. Informaci\u00f3n del titular<\/h2>\t\t\t\t<\/div>\n\t\t\t\t<div class=\"elementor-element elementor-element-5e9dee2 elementor-widget elementor-widget-text-editor\" data-id=\"5e9dee2\" data-element_type=\"widget\" data-e-type=\"widget\" data-widget_type=\"text-editor.default\">\n\t\t\t\t\t\t\t\t\t<p>En cumplimiento del art\u00edculo 10 de la Ley 34\/2002, de 11 de julio, de Servicios de la Sociedad de la Informaci\u00f3n y Comercio Electr\u00f3nico, a continuaci\u00f3n, se exponen los datos identificativos del Titular:<\/p><table width=\"567\"><tbody><tr><td width=\"133\"><p>Web:<\/p><\/td><td width=\"433\"><p> <\/p><blockquote class=\"wp-embedded-content\" data-secret=\"OsLxNEv6e0\"><a href=\"https:\/\/www.aplitecinformatica.com\/\">Inicio<\/a><\/blockquote><iframe class=\"wp-embedded-content\" title=\"\"Inicio\" \u2014 Aplitec Inform\u00e1tica\" src=\"https:\/\/www.aplitecinformatica.com\/embed\/#?secret=TT5yUGz8jz#?secret=OsLxNEv6e0\" width=\"600\" height=\"338\" frameborder=\"0\" marginwidth=\"0\" marginheight=\"0\" scrolling=\"no\" sandbox=\"allow-scripts\" data-secret=\"OsLxNEv6e0\" data-mce-fragment=\"1\"><\/iframe><p> <\/p><\/td><\/tr><tr><td width=\"133\"><p>Titular:<\/p><\/td><td width=\"433\"><p>APLITEC INFORMATICA S.L.<\/p><\/td><\/tr><tr><td width=\"133\"><p>Direcci\u00f3n:<\/p><\/td><td width=\"433\"><p>Avenida de Francia, 173 \u2013 175. 17840-Sarri\u00e0 de Ter <\/p><\/td><\/tr><tr><td width=\"133\"><p>C.I.F.:<\/p><\/td><td width=\"433\"><p>B17423211<\/p><\/td><\/tr><tr><td width=\"133\"><p>Tel\u00e9fono:<\/p><\/td><td width=\"433\"><p>972 226 744<\/p><\/td><\/tr><tr><td width=\"133\"><p>Correo electr\u00f3nico:<\/p><\/td><td width=\"433\"><p>comercial@aplitecinformatica.com<\/p><\/td><\/tr><tr><td width=\"133\"><p>Datos registrales:<\/p><\/td><td width=\"433\"><p>APLITEC INFORMATICA, S.L \u2013 REG. MERC. DE GIRONA, FULL 14.102, FOLIO 133, TOMO 738, INSCRIPCI\u00d3N 1\u00aa, NIF B-17423211<\/p><\/td><\/tr><\/tbody><\/table>\t\t\t\t\t\t\t\t<\/div>\n\t\t\t\t<div class=\"elementor-element elementor-element-db6775c elementor-widget elementor-widget-heading\" data-id=\"db6775c\" data-element_type=\"widget\" data-e-type=\"widget\" data-widget_type=\"heading.default\">\n\t\t\t\t\t<h2 class=\"elementor-heading-title elementor-size-default\">2. Leyes aplicables<\/h2>\t\t\t\t<\/div>\n\t\t\t\t<div class=\"elementor-element elementor-element-04f0a1a elementor-widget elementor-widget-text-editor\" data-id=\"04f0a1a\" data-element_type=\"widget\" data-e-type=\"widget\" data-widget_type=\"text-editor.default\">\n\t\t\t\t\t\t\t\t\t<p>La presente pol\u00edtica de privacidad se apoya para su confecci\u00f3n en base a la normativa espa\u00f1ola y europea vigente en materia de protecci\u00f3n de datos personales en internet. En concreto, \u00e9sta respeta las siguientes normas: <\/p><p> <\/p><ul><li>El Reglamento (UE) 2016\/679 del Parlamento Europeo y del Consejo, de 27 de abril de 2016, relativo a la protecci\u00f3n de las personas f\u00edsicas con respecto al tratamiento de datos personales y a la libre circulaci\u00f3n de estos datos (RGPD).<\/li><li>La Ley Org\u00e1nica 3\/2018, de 5 de diciembre, de Protecci\u00f3n de Datos Personales y garant\u00eda de los derechos digitales (LOPD-GDD).<\/li><li>La Ley 34\/2002, de 11 de julio, de Servicios de la Sociedad de la Informaci\u00f3n y de Comercio Electr\u00f3nico (LSSI-CE).<\/li><\/ul>\t\t\t\t\t\t\t\t<\/div>\n\t\t\t\t<div class=\"elementor-element elementor-element-cc4c045 elementor-widget elementor-widget-heading\" data-id=\"cc4c045\" data-element_type=\"widget\" data-e-type=\"widget\" data-widget_type=\"heading.default\">\n\t\t\t\t\t<h2 class=\"elementor-heading-title elementor-size-default\">3. Cuestiones sobre privacidad<\/h2>\t\t\t\t<\/div>\n\t\t\t\t<div class=\"elementor-element elementor-element-c090d27 elementor-widget elementor-widget-text-editor\" data-id=\"c090d27\" data-element_type=\"widget\" data-e-type=\"widget\" data-widget_type=\"text-editor.default\">\n\t\t\t\t\t\t\t\t\t<p>En cumplimiento del Reglamento (UE) 2016\/679 del Parlamento Europeo y del Consejo, de 27 de abril de 2016, (RGPD) y de la Ley Org\u00e1nica 3\/2018, de 5 de diciembre, de Protecci\u00f3n de Datos Personales y garant\u00eda de derechos digitales, le ofrecemos la siguiente informaci\u00f3n sobre el tratamiento de los datos personales que usted pueda facilitarnos:<\/p><p> <\/p><p><strong>Responsable del Fichero<\/strong><\/p><p>APLITEC INFORMATICA S.L.<\/p><p>Nuestros datos se encuentran en la parte superior de este aviso legal.<\/p><p> <\/p><p><strong>Registro de Datos de Car\u00e1cter Personal<\/strong><\/p><p>En cumplimiento de lo establecido en el RGPD y la LOPD-GDD, le informamos que los datos personales recabados por APLITEC INFORMATICA S.L., mediante los formularios extendidos en sus p\u00e1ginas quedar\u00e1n incorporados y ser\u00e1n tratados en nuestro fichero para poder facilitar, agilizar y cumplir los compromisos establecidos entre APLITEC INFORMATICA S.L. y el Usuario o el mantenimiento de la relaci\u00f3n que se establezca en los formularios que \u00e9ste rellene,  o para atender una solicitud o consulta del mismo. Asimismo, de conformidad con lo que prev\u00e9 el RGPD y la LOPD-GDD, salvo que sea de aplicaci\u00f3n la excepci\u00f3n prevista en el art\u00edculo 30.5 del RGPD, se mantiene un registro de actividades de tratamiento que especifica, seg\u00fan sus finalidades, las actividades de tratamiento llevadas a cabo y las otras circunstancias establecidas en el RGPD. <\/p><p> <\/p><p><strong>Base Legal para el tratamiento<\/strong><\/p><p>La base legal para el tratamiento de los datos personales es el consentimiento. APLITEC INFORMATICA S.L. se compromete a recabar el consentimiento expreso y verificable del Usuario para el tratamiento de sus datos personales para uno o varias finalidades espec\u00edficas. <\/p><p> <\/p><p>El Usuario tendr\u00e1 derecho a retirar su consentimiento en cualquier momento. Ser\u00e1 tan f\u00e1cil retirar el consentimiento como darlo. Como regla general, la retirada del consentimiento no condicionar\u00e1 el uso del Sitio Web.  <\/p><p> <\/p><p>En las ocasiones en que el Usuario haya o pueda facilitar sus datos a trav\u00e9s de formularios para realizar consultas, solicitar informaci\u00f3n o por motivos relacionados con el contenido del Sitio Web, se le informar\u00e1 en caso de que la cumplimentaci\u00f3n de alguno de ellos sea obligatoria debido a que \u00e9stos sean imprescindibles para el correcto desarrollo de la operaci\u00f3n realizada.<\/p><p> <\/p><p>Otras bases de Legitimaci\u00f3n:<\/p><ul><li>Cumplimiento de obligaciones legales.<\/li><li>Inter\u00e9s leg\u00edtimo: env\u00edo de publicidad propia.<\/li><\/ul><p> <\/p><p><strong>Categor\u00edas de datos<\/strong><\/p><p>Las categor\u00edas de datos que se tratan en APLITEC INFORMATICA S.L. son \u00fanicamente datos identificativos. En ning\u00fan caso, se tratan categor\u00edas especiales de datos personales en el sentido del art\u00edculo 9 del RGPD. <\/p><p> <\/p><p><strong>Procedencia de sus datos<\/strong><\/p><ul><li>Datos facilitados por los clientes destinatarios de los servicios, por cualquier medio.<\/li><li>Datos que los usuarios suministran a trav\u00e9s de los diferentes servicios ofrecidos en la p\u00e1gina web.<\/li><li>Datos incluidos en los formularios del sitio web.<\/li><\/ul><p> <\/p><p><strong>Periodo de C<\/strong><strong>onservaci\u00f3n de los datos personales<\/strong><\/p><p>Los datos personales s\u00f3lo ser\u00e1n retenidas durante el tiempo m\u00ednimo necesario para las finalidades de su tratamiento y, en todo caso, \u00fanicamente durante el siguiente plazo: Los datos personales proporcionados se conservar\u00e1n durante el tiempo estrictamente necesario. Es decir, mientras sea usuario de nuestros servicios o quiera continuar recibiendo informaci\u00f3n., o hasta que el Usuario solicite su derecho de cancelaci\u00f3n u oposici\u00f3n, o limitaci\u00f3n al tratamiento. Sin embargo, conservaremos determinados datos personales identificativos y del tr\u00e1fico durante el plazo m\u00e1ximo de 2 a\u00f1os para el caso de que fuera requerido por los Jueces y Tribunales o para incoar acciones internas derivadas del uso indebido de la p\u00e1gina web.<\/p><p> <\/p><p>En el momento en que se obtengan los datos personales, se informar\u00e1 al Usuario sobre el plazo durante el cual se conservar\u00e1n los datos personales o, cuando ello no sea posible, los criterios utilizados para determinar este plazo.<\/p><p>Asimismo, le informamos que nuestras pol\u00edticas de conservaci\u00f3n de la informaci\u00f3n se ajustan a los plazos que marcan las diferentes responsabilidades legales a efectos de prescripci\u00f3n:<\/p><p> <\/p><p>a. Regla General: <\/p><p>En virtud de lo establecido en el art\u00edculo 30 del C\u00f3digo de Comercio, y salvo otros criterios, todos los documentos y\/o informaci\u00f3n de la empresa se conservar\u00e1 durante 6 a\u00f1os.<\/p><p>Esto afecta a toda la documentaci\u00f3n contable, fiscal, laboral o mercantil, incluida la correspondencia.<\/p><p> <\/p><p>b. Plazos espec\u00edficos: <\/p><p>Nuestra empresa tambi\u00e9n debe marcar unos m\u00ednimos plazos en funci\u00f3n de la tipolog\u00eda de datos de que se trate y atendiendo a los diferentes plazos de prescripci\u00f3n, que deber\u00e1n conocer cada uno de los departamentos.<\/p><p>No ser\u00e1 objeto de decisiones basadas en tratamientos automatizados que produzcan efectos sobre sus datos.<\/p><p> <\/p><p><strong>Hasta el tratamiento<\/strong><\/p><p>Detallamos a continuaci\u00f3n las finalidades de los tratamientos de datos llevadas a cabo:<\/p><ul><li>GESTI\u00d3N DE CLIENTES: Poder prestar los servicios contratados dentro de actividad natural de cada empresa y facturarlos. Los datos proporcionados se conservar\u00e1n mientras se mantenga la relaci\u00f3n comercial o durante los a\u00f1os necesarios para cumplir con las obligaciones legales. <br><br><\/li><li>GESTI\u00d3N DE PRESUPUESTOS: Poder enviar a posibles clientes presupuestos de servicios y\/o productos. Los datos proporcionados se conservar\u00e1n mientras no solicite el cese de este tratamiento. <\/li><li>GESTI\u00d3N DE POSIBLES CLIENTES: Poder enviar a personas con inter\u00e9s leg\u00edtimo informaci\u00f3n relacionada con nuestros productos y servicios por cualquier medio disponible, e invitarlos a eventos de su inter\u00e9s. Los datos proporcionados se conservar\u00e1n mientras no solicite el cese de este tratamiento y ser\u00e1n recabados previo consentimiento expreso. <br><br><\/li><li>RELACIONES CON PROVEEDORES: Poder realizar pedidos y pago de los servicios. Los datos proporcionados se conservar\u00e1n mientras se mantenga la relaci\u00f3n comercial o durante los a\u00f1os necesarios para cumplir con las obligaciones legales. <br><br><\/li><li>GESTI\u00d3N DE COOKIES: Utilizamos la informaci\u00f3n que nos ofrecen, por ejemplo, las cookies para mejorar su experiencia con los Servicios en l\u00ednea; para disponer de datos de an\u00e1lisis que nos ayuden a mejorar nuestros Servicios de forma general, as\u00ed como para recopilar informaci\u00f3n sobre los destinos de viaje que le interesan, de manera que pueda ver anuncios y ofertas m\u00e1s relevantes.<br><br><\/li><\/ul><p><strong>Destinatarios de los datos<\/strong><\/p><p>Los datos personales del Usuario no ser\u00e1n compartidos con terceros.<\/p><p>En cualquier caso, en el momento en que se obtengan los datos personales, se informar\u00e1 al Usuario sobre los destinatarios o las categor\u00edas de destinatarios de los datos personales.<\/p><p> <\/p><p><strong>Datos personales de menores<\/strong><\/p><p>Respetando lo establecido en los art\u00edculos 8 del RGPD y 7 de la Ley Org\u00e1nica 3\/2018, de 5 de diciembre, de Protecci\u00f3n de Datos Personales y garant\u00eda de los derechos digitales, s\u00f3lo los mayores de 14 a\u00f1os podr\u00e1n otorgar su consentimiento para el tratamiento de sus datos personales de forma l\u00edcita por APLITEC INFORMATICA S.L. Si se trata de un menor de 14 a\u00f1os, ser\u00e1 necesario el consentimiento de los padres o tutores para el tratamiento, y \u00e9ste s\u00f3lo se considerar\u00e1 l\u00edcito en la medida en que \u00e9stos lo hayan autorizado. Si no es as\u00ed el\/la representante legal deber\u00e1 informarlo cuando sea posible.  <\/p><p> <\/p><p><strong>Derechos derivados del tratamiento de datos personales<\/strong><\/p><p>El Usuario podr\u00e1 ejercer ante el Responsable del tratamiento los siguientes derechos reconocidos en el RGPD y la Ley Org\u00e1nica 3\/2018, de 5 de diciembre, de Protecci\u00f3n de Datos Personales y garant\u00eda de los derechos digitales:<\/p><p> <\/p><ul><li>Derecho de acceso: Es el derecho del Usuario a obtener confirmaci\u00f3n de si APLITEC INFORMATICA S.L. est\u00e1 tratando o no sus datos personales y, en caso afirmativo, obtener informaci\u00f3n sobre sus datos concretos de car\u00e1cter personal y del tratamiento que APLITEC INFORMATICA S.L. haya realizado o realice, as\u00ed como, entre otros, de la informaci\u00f3n disponible sobre el origen de estos datos y los destinatarios de las comunicaciones realizadas o previstas de los mismos.<\/li><\/ul><p> <\/p><ul><li>Derecho de rectificaci\u00f3n: Es el derecho del Usuario a que se modifiquen sus datos personales que resulten ser inexactos o, teniendo en cuenta las finalidades del tratamiento, incompletos.<\/li><\/ul><p> <\/p><ul><li>Derecho de supresi\u00f3n (\u00abel derecho al olvido\u00bb): Es el derecho del Usuario, siempre que la legislaci\u00f3n vigente no establezca lo contrario, a obtener la supresi\u00f3n de sus datos personales cuando \u00e9stos ya no sean necesarios para las finalidades para las que fueron recogidas o tratadas; el Usuario haya retirado su consentimiento al tratamiento y \u00e9ste no cuente con otra base legal; el Usuario se oponga al tratamiento y no haya otro motivo leg\u00edtimo para continuar con \u00e9l; los datos personales hayan sido tratados de manera il\u00edcita; los datos personales deban suprimirse en cumplimiento de una obligaci\u00f3n legal; o los datos personales hayan sido obtenidos producto de una oferta directa de servicios de la sociedad de la informaci\u00f3n a un menor de 14 a\u00f1os. Adem\u00e1s de suprimir los datos, el Responsable del tratamiento, teniendo en cuenta la tecnolog\u00eda disponible y el coste de su aplicaci\u00f3n, deber\u00e1 adoptar medidas razonables para informar a los responsables de que est\u00e9n tratando los datos personales de la solicitud del interesado de supresi\u00f3n de cualquier enlace a estos datos personales. <\/li><\/ul><p> <\/p><ul><li>Derecho a la limitaci\u00f3n del tratamiento: Es el derecho del Usuario a limitar el tratamiento de sus datos personales. El Usuario tiene derecho a obtener la limitaci\u00f3n del tratamiento cuando impugne la exactitud de sus datos personales; el tratamiento sea il\u00edcito; el Responsable del tratamiento ya no necesite los datos personales, pero el Usuario lo necesite para hacer reclamaciones; y cuando el Usuario se haya opuesto al tratamiento. <\/li><\/ul><p> <\/p><ul><li>Derecho a la portabilidad de los datos: En caso de que el tratamiento se efect\u00fae por medios automatizados, el Usuario tendr\u00e1 derecho a recibir del Responsable del tratamiento sus datos personales en un formato estructurado, de uso com\u00fan y lectura mec\u00e1nica, y a transmitirlos a otro responsable del tratamiento. Siempre que sea t\u00e9cnicamente posible, el Responsable del tratamiento transmitir\u00e1 directamente los datos a este otro responsable. <\/li><\/ul><p> <\/p><ul><li>Derecho de oposici\u00f3n: Es el derecho del Usuario a que no se lleve a cabo el tratamiento de sus datos de car\u00e1cter personal o se cese el tratamiento por parte de APLITEC INFORMATICA S.L.<\/li><\/ul><p> <\/p><ul><li>Derecho a no ser objeto de una decisi\u00f3n basada \u00fanicamente en el tratamiento automatizado, incluida la elaboraci\u00f3n de perfiles: Es el derecho del Usuario a no ser objeto de una decisi\u00f3n individualizada basada \u00fanicamente en el tratamiento automatizado de sus datos personales, incluida la elaboraci\u00f3n de perfiles, existente salvo que la legislaci\u00f3n vigente establezca lo contrario.<\/li><\/ul><p> <\/p><p>Finalmente, los\/as interesados\/as tienen derecho a presentar una reclamaci\u00f3n ante la Autoridad de Control competente (AEPD) en caso de que el Usuario considere que existe un problema o infracci\u00f3n de la normativa vigente en la forma en que se est\u00e1n tratando sus datos personales.<\/p><p> <\/p><p>Puede ejercer los derechos anteriores envi\u00e1ndonos un escrito adjuntando una copia de un documento que lo identifique en nuestro domicilio o correo electr\u00f3nico (que aparecen al principio del presente texto).<\/p>\t\t\t\t\t\t\t\t<\/div>\n\t\t\t\t<div class=\"elementor-element elementor-element-0d064ce elementor-widget elementor-widget-heading\" data-id=\"0d064ce\" data-element_type=\"widget\" data-e-type=\"widget\" data-widget_type=\"heading.default\">\n\t\t\t\t\t<h2 class=\"elementor-heading-title elementor-size-default\">4. Principios aplicables al tratamiento de datos personales<\/h2>\t\t\t\t<\/div>\n\t\t\t\t<div class=\"elementor-element elementor-element-bd31e79 elementor-widget elementor-widget-text-editor\" data-id=\"bd31e79\" data-element_type=\"widget\" data-e-type=\"widget\" data-widget_type=\"text-editor.default\">\n\t\t\t\t\t\t\t\t\t<p>El tratamiento de los datos personales del cliente usuario se someter\u00e1 a los siguientes principios recogidos en el art. 5 del RGPD y en el art\u00edculo 4 y siguientes de la LOPDGDD:<\/p><p> <\/p><p><strong>Principio de licitud, lealtad y transparencia:<\/strong><\/p><p>Se requerir\u00e1 en todo momento el consentimiento del usuario previa informaci\u00f3n completamente transparente de los fines para los que se recogen los datos personales.<\/p><p> <\/p><p><strong>Principio de limitaci\u00f3n de la finalidad:<\/strong><\/p><p>Los datos personales ser\u00e1n recogidos con finalidades determinadas, expl\u00edcitas y leg\u00edtimas.<\/p><p> <\/p><p><strong>Principio de minimizaci\u00f3n de datos:<\/strong><\/p><p>Los datos personales recogidos ser\u00e1n \u00fanicamente los estrictamente necesarios en relaci\u00f3n con las finalidades para las que son tratadas.<\/p><p> <\/p><p><strong>Principio de exactitud:<\/strong><\/p><p>Los datos personales deben ser exactos y estar siempre actualizados.<\/p><p> <\/p><p><strong>Principio de limitaci\u00f3n del plazo de conservaci\u00f3n:<\/strong><\/p><p>Los datos personales s\u00f3lo ser\u00e1n mantenidas de manera que se permita la identificaci\u00f3n del usuario durante el tiempo necesario para las finalidades del tratamiento.<\/p><p> <\/p><p><strong>Principio de integridad y confidencialidad:<\/strong><\/p><p>Los datos personales ser\u00e1n tratados de manera que se garantice su seguridad y reserva.<\/p><p> <\/p><p><strong>Principio de responsabilidad proactiva:<\/strong><\/p><p>El responsable del Sitio Web mantendr\u00e1 y regular\u00e1 los medios t\u00e9cnicos y log\u00edsticos necesarios suficientes para que todos los principios aplicables al tratamiento se cumplan.<\/p>\t\t\t\t\t\t\t\t<\/div>\n\t\t\t\t<div class=\"elementor-element elementor-element-0a0d05b elementor-widget elementor-widget-heading\" data-id=\"0a0d05b\" data-element_type=\"widget\" data-e-type=\"widget\" data-widget_type=\"heading.default\">\n\t\t\t\t\t<h2 class=\"elementor-heading-title elementor-size-default\">5. \u00bfQu\u00e9 medidas de seguridad aplicamos?<\/h2>\t\t\t\t<\/div>\n\t\t\t\t<div class=\"elementor-element elementor-element-918b707 elementor-widget elementor-widget-text-editor\" data-id=\"918b707\" data-element_type=\"widget\" data-e-type=\"widget\" data-widget_type=\"text-editor.default\">\n\t\t\t\t\t\t\t\t\t<p>Aplicamos las medidas de seguridad establecidas en el art\u00edculo 32 del RGPD, por lo tanto, hemos adoptado las medidas de seguridad necesarias para garantizar un nivel de seguridad adecuado al riesgo del tratamiento de los datos que realizamos, con mecanismos que nos permiten garantizar la confidencialidad, integridad, disponibilidad y resiliencia permanente de los sistemas y servicios de tratamiento.<\/p><p> <\/p><p>Algunas de estas medidas son:<\/p><ul><li>Informaci\u00f3n de las pol\u00edticas de tratamiento de los datos al personal.<\/li><li>Realizaci\u00f3n de copias de seguridad peri\u00f3dicas.<\/li><li>Control de acceso a los datos.<\/li><li>Procesos de verificaci\u00f3n, evaluaci\u00f3n y valoraci\u00f3n regulares.<\/li><\/ul>\t\t\t\t\t\t\t\t<\/div>\n\t\t\t\t<div class=\"elementor-element elementor-element-766bf08 elementor-widget elementor-widget-heading\" data-id=\"766bf08\" data-element_type=\"widget\" data-e-type=\"widget\" data-widget_type=\"heading.default\">\n\t\t\t\t\t<h2 class=\"elementor-heading-title elementor-size-default\">6. Secreto y seguridad de los datos personales<\/h2>\t\t\t\t<\/div>\n\t\t\t\t<div class=\"elementor-element elementor-element-2cd660a elementor-widget elementor-widget-text-editor\" data-id=\"2cd660a\" data-element_type=\"widget\" data-e-type=\"widget\" data-widget_type=\"text-editor.default\">\n\t\t\t\t\t\t\t\t\t<p>APLITEC INFORMATICA S.L. se compromete a adoptar las medidas t\u00e9cnicas y organizativas necesarias, seg\u00fan el nivel de seguridad adecuado al riesgo de los datos recogidos, de manera que se garantice la seguridad de los datos de car\u00e1cter personal y se evite la destrucci\u00f3n, p\u00e9rdida o alteraci\u00f3n accidental o il\u00edcita de datos personales transmitidos, conservados o tratados de otra manera,  o la comunicaci\u00f3n o acceso no autorizados a estos datos.<\/p><p> <\/p><p>El Sitio Web cuenta con un certificado SSL (Secure Socket Layer), que asegura que los datos personales se transmiten de forma segura y confidencial, al ser la transmisi\u00f3n de los datos entre el servidor y el Usuario, y en retroalimentaci\u00f3n, totalmente cifrada o encriptada.<\/p><p> <\/p><p>No obstante, debido a que APLITEC INFORMATICA S.L. no puede garantizar la inexpugnabilidad de internet ni la ausencia total de hackers u otros que accedan de manera fraudulenta a los datos personales, el Responsable del tratamiento se compromete a comunicar al Usuario sin dilaci\u00f3n indebida cuando ocurra una violaci\u00f3n de la seguridad de los datos personales que sea probable que comporte un alto riesgo para los derechos y libertades de las personas f\u00edsicas. Siguiendo lo establecido en el art\u00edculo 4 del RGPD, se entiende por violaci\u00f3n de la seguridad de los datos personales toda violaci\u00f3n de la seguridad que ocasione la destrucci\u00f3n, p\u00e9rdida o alteraci\u00f3n accidental o il\u00edcita de datos personales transmitidos, conservados o tratados de otra manera, o la comunicaci\u00f3n o acceso no autorizados a estos datos. <\/p><p> <\/p><p>Los datos personales ser\u00e1n tratados como confidenciales por el Responsable del tratamiento, quien se compromete a informar de y a garantizar por medio de una obligaci\u00f3n legal o contractual que esta confidencialidad sea respetada por sus empleados, asociados, y toda persona a la que le haga accesible la informaci\u00f3n.<\/p>\t\t\t\t\t\t\t\t<\/div>\n\t\t\t\t<div class=\"elementor-element elementor-element-80dec4e elementor-widget elementor-widget-heading\" data-id=\"80dec4e\" data-element_type=\"widget\" data-e-type=\"widget\" data-widget_type=\"heading.default\">\n\t\t\t\t\t<h2 class=\"elementor-heading-title elementor-size-default\">7. Enlaces a sitios web de terceros<\/h2>\t\t\t\t<\/div>\n\t\t\t\t<div class=\"elementor-element elementor-element-245ffa0 elementor-widget elementor-widget-text-editor\" data-id=\"245ffa0\" data-element_type=\"widget\" data-e-type=\"widget\" data-widget_type=\"text-editor.default\">\n\t\t\t\t\t\t\t\t\t<p>El Sitio Web puede incluir hiperv\u00ednculos o enlaces que permiten acceder a p\u00e1ginas web de terceros diferentes de APLITEC INFORMATICA S.L., y que por lo tanto no son operados por APLITEC INFORMATICA S.L. Los titulares de estos sitios web dispondr\u00e1n de sus propias pol\u00edticas de protecci\u00f3n de datos, siendo ellos mismos, en cada caso, responsables de sus propios ficheros y de sus propias pr\u00e1cticas de privacidad. <\/p>\t\t\t\t\t\t\t\t<\/div>\n\t\t\t\t<div class=\"elementor-element elementor-element-c543896 elementor-widget elementor-widget-heading\" data-id=\"c543896\" data-element_type=\"widget\" data-e-type=\"widget\" data-widget_type=\"heading.default\">\n\t\t\t\t\t<h2 class=\"elementor-heading-title elementor-size-default\">8. Aceptaci\u00f3n y cambios en esta pol\u00edtica de privacidad<\/h2>\t\t\t\t<\/div>\n\t\t\t\t<div class=\"elementor-element elementor-element-43169de elementor-widget elementor-widget-text-editor\" data-id=\"43169de\" data-element_type=\"widget\" data-e-type=\"widget\" data-widget_type=\"text-editor.default\">\n\t\t\t\t\t\t\t\t\t<p>Es necesario que el Usuario haya le\u00eddo y est\u00e9 conforme con las condiciones sobre la protecci\u00f3n de datos de car\u00e1cter personal contenidos en esta Pol\u00edtica de Privacidad, as\u00ed como que acepte el tratamiento de sus datos personales para que el Responsable del tratamiento pueda proceder al mismo en la forma, durante los plazos y para las finalidades indicadas. El uso del Sitio Web implicar\u00e1 la aceptaci\u00f3n de la Pol\u00edtica de Privacidad del mismo. <\/p><p>APLITEC INFORMATICA S.L. se reserva el derecho a modificar su Pol\u00edtica de Privacidad, de acuerdo a su propio criterio, o motivado por un cambio legislativo, jurisprudencial o doctrinal de la Agencia Espa\u00f1ola de Protecci\u00f3n de Datos. Los cambios o actualizaciones de esta Pol\u00edtica de Privacidad no ser\u00e1n notificados de forma expl\u00edcita al Usuario. Se recomienda al Usuario consultar esta p\u00e1gina de forma peri\u00f3dica para estar al tanto de los \u00faltimos cambios o actualizaciones.  <\/p>\t\t\t\t\t\t\t\t<\/div>\n\t\t\t\t<div class=\"elementor-element elementor-element-4886612 elementor-widget elementor-widget-heading\" data-id=\"4886612\" data-element_type=\"widget\" data-e-type=\"widget\" data-widget_type=\"heading.default\">\n\t\t\t\t\t<h2 class=\"elementor-heading-title elementor-size-default\">9. \u00das d\u2019eines d\u2019intel\u00b7lig\u00e8ncia artificial<\/h2>\t\t\t\t<\/div>\n\t\t\t\t<div class=\"elementor-element elementor-element-b7d122a elementor-widget elementor-widget-text-editor\" data-id=\"b7d122a\" data-element_type=\"widget\" data-e-type=\"widget\" data-widget_type=\"text-editor.default\">\n\t\t\t\t\t\t\t\t\t<p data-start=\"148\" data-end=\"353\">APLITEC INFORMATICA S.L. puede utilizar herramientas basadas en inteligencia artificial para la mejora de sus servicios, tales como la generaci\u00f3n de contenidos, el an\u00e1lisis de datos o la automatizaci\u00f3n de procesos.<\/p><p data-start=\"355\" data-end=\"536\">Estas herramientas se utilizan bajo supervisi\u00f3n humana y con el fin de mejorar la experiencia del usuario, optimizar los servicios ofrecidos y agilizar la gesti\u00f3n interna de la empresa.<\/p><p data-start=\"538\" data-end=\"767\">En ning\u00fan caso, estas tecnolog\u00edas implican la toma de decisiones automatizadas que produzcan efectos jur\u00eddicos o significativos sobre los usuarios, de acuerdo con lo que establece la normativa vigente en materia de protecci\u00f3n de datos.<\/p><p data-start=\"538\" data-end=\"767\"> <\/p><p>APLITEC INFORMATICA S.L. se reserva el derecho a modificar su Pol\u00edtica de Privacidad, de acuerdo a su propio criterio, o motivado por un cambio legislativo, jurisprudencial o doctrinal de la Agencia Espa\u00f1ola de Protecci\u00f3n de Datos. Los cambios o actualizaciones de esta Pol\u00edtica de Privacidad no ser\u00e1n notificados de forma expl\u00edcita al Usuario. Se recomienda al Usuario consultar esta p\u00e1gina de forma peri\u00f3dica para estar al tanto de los \u00faltimos cambios o actualizaciones.  <\/p><p> <\/p><p>\u00daltima actualizaci\u00f3n: 07\/04\/26<\/p>\t\t\t\t\t\t\t\t<\/div>\n\t\t\t\t\t<\/div>\n\t\t\t\t<\/div>\n\t\t\t\t<\/div>\n\t\t","protected":false},"excerpt":{"rendered":"<p>Pol\u00edtica de privacidad Aplitec Inform\u00e0tica APLITEC INFORMATICA S.L. se compromete a proteger la privacidad de los usuarios que accedan a esta web y\/o cualquiera de sus servicios. La utilizaci\u00f3n de la web y\/o cualquiera de los servicios ofrecidos por APLITEC INFORMATICA S.L., implica la aceptaci\u00f3n por parte del usuario de las disposiciones contenidas en la [&hellip;]<\/p>\n","protected":false},"author":1,"featured_media":0,"parent":0,"menu_order":0,"comment_status":"closed","ping_status":"closed","template":"","meta":{"footnotes":""},"folder":[50],"class_list":["post-13369","page","type-page","status-publish","hentry"],"_links":{"self":[{"href":"https:\/\/aplitecinformatica.com\/es\/wp-json\/wp\/v2\/pages\/13369","targetHints":{"allow":["GET"]}}],"collection":[{"href":"https:\/\/aplitecinformatica.com\/es\/wp-json\/wp\/v2\/pages"}],"about":[{"href":"https:\/\/aplitecinformatica.com\/es\/wp-json\/wp\/v2\/types\/page"}],"author":[{"embeddable":true,"href":"https:\/\/aplitecinformatica.com\/es\/wp-json\/wp\/v2\/users\/1"}],"replies":[{"embeddable":true,"href":"https:\/\/aplitecinformatica.com\/es\/wp-json\/wp\/v2\/comments?post=13369"}],"version-history":[{"count":0,"href":"https:\/\/aplitecinformatica.com\/es\/wp-json\/wp\/v2\/pages\/13369\/revisions"}],"wp:attachment":[{"href":"https:\/\/aplitecinformatica.com\/es\/wp-json\/wp\/v2\/media?parent=13369"}],"wp:term":[{"taxonomy":"folder","embeddable":true,"href":"https:\/\/aplitecinformatica.com\/es\/wp-json\/wp\/v2\/folder?post=13369"}],"curies":[{"name":"wp","href":"https:\/\/api.w.org\/{rel}","templated":true}]}}